{"id":448,"date":"2025-03-28T16:16:09","date_gmt":"2025-03-28T16:16:09","guid":{"rendered":"https:\/\/suishinkan.com.pt\/swpkan\/?page_id=448"},"modified":"2025-04-09T16:52:48","modified_gmt":"2025-04-09T16:52:48","slug":"biografia-carlos-santos","status":"publish","type":"page","link":"https:\/\/suishinkan.com.pt\/swpkan\/biografia-carlos-santos\/","title":{"rendered":"Biografia C. Santos"},"content":{"rendered":"\n\n\t<section class=\"section\" id=\"section_2050128861\">\n\t\t<div class=\"section-bg fill\" >\n\t\t\t<img loading=\"lazy\" decoding=\"async\" width=\"2844\" height=\"3652\" src=\"https:\/\/suishinkan.com.pt\/swpkan\/wp-content\/uploads\/2024\/10\/Mestre-Murakami-Background.png\" class=\"bg attachment-original size-original\" alt=\"\" \/>\t\t\t\t\t\t\n\t\t\t\n\n\t\t<\/div>\n\n\t\t\n\n\t\t<div class=\"section-content relative\">\n\t\t\t\n\n<div class=\"row row-small\"  id=\"row-175951516\">\n\n\n\t<div id=\"col-1956355191\" class=\"col small-12 large-12\"  >\n\t\t\t\t<div class=\"col-inner text-left\"  >\n\t\t\t\n\t\t\t\n\n\t<div id=\"text-4280293171\" class=\"text\">\n\t\t\n\n<h5 class=\"lead\"><strong>Carlos Manuel Santos<\/strong>\u00a0 &#8211;\u00a0 <span style=\"font-size: 90%;\">Fundador da Suishinkan Portugal\u00a0 &#8211;\u00a0 Sensei em 2025<\/span><\/h5>\n\t\t\n<style>\n#text-4280293171 {\n  text-align: left;\n  color: rgb(255,255,255);\n}\n#text-4280293171 > * {\n  color: rgb(255,255,255);\n}\n<\/style>\n\t<\/div>\n\t\n\n\t\t<\/div>\n\t\t\t\t\n<style>\n#col-1956355191 > .col-inner {\n  padding: 0px 0px 0px 5px;\n}\n<\/style>\n\t<\/div>\n\n\t\n\n\n<style>\n#row-175951516 > .col > .col-inner {\n  background-color: rgb(29, 27, 27);\n}\n<\/style>\n<\/div>\n<div class=\"row row-small row-divided\"  id=\"row-632752769\">\n\n\n\t<div id=\"col-912153364\" class=\"col medium-4 small-12 large-4\"  >\n\t\t\t\t<div class=\"col-inner\"  >\n\t\t\t\n\t\t\t\n\n\t<div class=\"img has-hover x md-x lg-x y md-y lg-y\" id=\"image_1175682484\">\n\t\t\t\t\t\t\t\t<div class=\"img-inner dark\" >\n\t\t\t<img loading=\"lazy\" decoding=\"async\" width=\"255\" height=\"235\" src=\"https:\/\/suishinkan.com.pt\/swpkan\/wp-content\/uploads\/2025\/03\/Carlos-Santos.png\" class=\"attachment-original size-original\" alt=\"\" \/>\t\t\t\t\t\t\n\t\t\t\t\t<\/div>\n\t\t\t\t\t\t\t\t\n<style>\n#image_1175682484 {\n  width: 100%;\n}\n<\/style>\n\t<\/div>\n\t\n\n<h3 style=\"text-align: center;\"><span style=\"color: #000000;\">Carlos Manuel Santos<\/span><\/h3>\n<h6 style=\"text-align: center;\">1963 @\u00a0 Lisboa, GAGOS, Vila Real, Portugal<\/h6>\n<h6 style=\"text-align: center;\"><span style=\"color: #000000;\"><strong>2\u00ba DAN da NKS<\/strong><\/span><\/h6>\n<h6 style=\"text-align: center;\"><span style=\"font-size: 80%;\">(grad. m\u00e1x, 5\u00baDAN)<\/span><\/h6>\n\n\t\t<\/div>\n\t\t\t\t\t<\/div>\n\n\t\n\n\t<div id=\"col-32031143\" class=\"col medium-8 small-12 large-8\"  >\n\t\t\t\t<div class=\"col-inner\"  >\n\t\t\t\n\t\t\t\n\n\t<div id=\"text-2824504474\" class=\"text\">\n\t\t\n\n<h5 class=\"uppercase\"><span style=\"color: #000000;\">Carlos Manuel Santos, nasceu em 17 de mar\u00e7o de 1963.<\/span><\/h5>\n<hr \/>\n<p>Iniciou-se na pr\u00e1tica de Karate-Do Shotokai em 2000.<\/p>\n<ul>\n<li><span style=\"color: #000000;\"><strong>1\u00ba Dan de Karate-Do Shotokai<\/strong><\/span> &#8211; em 2009<\/li>\n<li><strong>2\u00ba Dan de karate-Do Shotokai<\/strong> &#8211; em 2018<\/li>\n<\/ul>\n<p><strong>Possui v\u00e1rios Diplomas acreditados:<\/strong><\/p>\n<ul>\n<li><strong>1\u00ba e 2\u00ba Dan de Karate-Do Shotokai obtido<\/strong> em exame certificado pelo Dojo Central da &#8220;NKS&#8221;.<\/li>\n<li><strong>Professor de Karate-Do em Fermil<\/strong> ap\u00f3s conclus\u00e3o do Curso de Grau 1 do IPDJ\u00a0<\/li>\n<li><strong>Treinador Profissional de Desporto Karate Grau I do \u201cIPDJ\u201d<\/strong>, em conclus\u00e3o<\/li>\n<\/ul>\n<p>Foi e \u00e9 aluno do Mestre Alexandre Gueif\u00e3o, seguindo as suas orienta\u00e7\u00f5es t\u00e9cnicas, at\u00e9 \u00e0 data.<\/p>\n<p>Assiste o Mestre Alexandre Gueif\u00e3o no Dojo Suishinkan Portugal Fermil em Celorico de Basto.<\/p>\n<p>\u00c9 s\u00f3cio da Uni\u00e3o Portuguesa de Budo &#8220;UBU&#8221;\u00a0<\/p>\n<p>\u00c9 fundador da Suishinkan Portugal Clube de Karate Shotokai.<\/p>\n<p>\u2022 Carlos Santos tem como forma\u00e7\u00e3o acad\u00e9mica, a Gradua\u00e7\u00e3o em Medicina, na \u00e1rea de Ci\u00eancias da Sa\u00fade, Cirurgia End\u00f3crina.<\/p>\n<p>Atualmente \u00e9 M\u00e9dico na Unidade Local de Sa\u00fade de Tr\u00e1s-os-Montes e Alto Douro.<\/p>\n\t\t\n<style>\n#text-2824504474 {\n  color: rgb(46, 34, 25);\n}\n#text-2824504474 > * {\n  color: rgb(46, 34, 25);\n}\n<\/style>\n\t<\/div>\n\t\n\n\t\t<\/div>\n\t\t\t\t\t<\/div>\n\n\t\n\n<\/div>\n\n\t\t<\/div>\n\n\t\t\n<style>\n#section_2050128861 {\n  padding-top: 30px;\n  padding-bottom: 30px;\n}\n#section_2050128861 .section-bg img {\n  object-position: 50% 42%;\n}\n<\/style>\n\t<\/section>\n\t\n\n","protected":false},"excerpt":{"rendered":"","protected":false},"author":1,"featured_media":0,"parent":0,"menu_order":0,"comment_status":"closed","ping_status":"closed","template":"","meta":{"pgc_sgb_lightbox_settings":"","h5ap_radio_sources":[],"footnotes":""},"class_list":["post-448","page","type-page","status-publish","hentry"],"_links":{"self":[{"href":"https:\/\/suishinkan.com.pt\/swpkan\/wp-json\/wp\/v2\/pages\/448","targetHints":{"allow":["GET"]}}],"collection":[{"href":"https:\/\/suishinkan.com.pt\/swpkan\/wp-json\/wp\/v2\/pages"}],"about":[{"href":"https:\/\/suishinkan.com.pt\/swpkan\/wp-json\/wp\/v2\/types\/page"}],"author":[{"embeddable":true,"href":"https:\/\/suishinkan.com.pt\/swpkan\/wp-json\/wp\/v2\/users\/1"}],"replies":[{"embeddable":true,"href":"https:\/\/suishinkan.com.pt\/swpkan\/wp-json\/wp\/v2\/comments?post=448"}],"version-history":[{"count":8,"href":"https:\/\/suishinkan.com.pt\/swpkan\/wp-json\/wp\/v2\/pages\/448\/revisions"}],"predecessor-version":[{"id":827,"href":"https:\/\/suishinkan.com.pt\/swpkan\/wp-json\/wp\/v2\/pages\/448\/revisions\/827"}],"wp:attachment":[{"href":"https:\/\/suishinkan.com.pt\/swpkan\/wp-json\/wp\/v2\/media?parent=448"}],"curies":[{"name":"wp","href":"https:\/\/api.w.org\/{rel}","templated":true}]}}